{"id":522,"date":"2013-03-20T16:23:41","date_gmt":"2013-03-20T14:23:41","guid":{"rendered":"http:\/\/mediprax.cz\/um\/?page_id=522"},"modified":"2014-02-19T08:22:45","modified_gmt":"2014-02-19T06:22:45","slug":"obsahy-2013","status":"publish","type":"page","link":"https:\/\/urgentnimedicina.cz\/?page_id=522","title":{"rendered":"Obsahy 2013"},"content":{"rendered":"<h3>Obsah 1\/2013<\/h3>\n<p>\u00davod<\/p>\n<ul>\n<li>\u00davodn\u00ed slovo &#8211;\u00a0<em>Jana \u0160eblov\u00e1<\/em><\/li>\n<li>Obsah<\/li>\n<\/ul>\n<p>Koncepce, \u0159\u00edzen\u00ed, organizace<\/p>\n<ul>\n<li>Kompetencie mana\u017e\u00e9ra vzdel\u00e1vac\u00edch projektov s d\u00f4razom na projekty intern\u00e9ho vzdel\u00e1vania z\u00e1chrann\u00fdch zdravotn\u00fdch slu\u017eieb \u2013 <em>Kate\u0159ina Hrazdilov\u00e1 Bo\u010dkov\u00e1, Robin \u0160\u00edn<\/em><\/li>\n<\/ul>\n<p>Vzd\u011bl\u00e1v\u00e1n\u00ed \u2013 zku\u0161enosti<\/p>\n<ul>\n<li>V\u00fduka na klinike urgentnej medic\u00edny a medic\u00edny katastrof Lek\u00e1rskej fakulty Univerzity Komensk\u00e9ho v\u00a0Bratislave \u2013 <em>Oto Mas\u00e1r, Marcel Brenner, Ireneusz Przewlocki, Du\u0161an Sysel, Hana Belejov\u00e1<\/em><\/li>\n<\/ul>\n<p>Odborn\u00e9 t\u00e9ma l\u00e9ka\u0159sk\u00e9<\/p>\n<ul>\n<li>Projekt \u010dasn\u00e9 defibrilace v \u00dasteck\u00e9m kraji &#8211; <em>Eva Smr\u017eov\u00e1, Anna L\u00e1lov\u00e1,\u00a0 Lenka Slav\u00edkov\u00e1, Luk\u00e1\u0161 Vais<\/em><\/li>\n<li>T\u011blo vyta\u017een\u00e9 z\u00a0vody &#8211; <em>Michaela Ublov\u00e1, \u0160t\u011bp\u00e1nka Ku\u010derov\u00e1, Miroslav \u0160afr<\/em><\/li>\n<li>Synkopy z\u00a0poh\u013eadu lek\u00e1ra z\u00e1chrannej zdravotnej slu\u017eby &#8211; <em>dve kazuistiky &#8211; T\u00e1\u0148a Bul\u00edkov\u00e1, Peter Herman, Peter Jackuliak<\/em><\/li>\n<li>Biotelemetrie a jej\u00ed vyu\u017eit\u00ed pro z\u00e1chrann\u00e9 slo\u017eky &#8211; <em>Zden\u011bk Hon, Pavel Smr\u010dka, Karel H\u00e1na, Jan Ka\u0161par, Jan Mu\u017e\u00edk, Radek Fiala, Martin V\u00edt\u011bzn\u00edk, Tom\u00e1\u0161 Vesel\u00fd, Luk\u00e1\u0161 Ku\u010dera, Tom\u00e1\u0161 Kuttler, Radim Kliment<\/em><\/li>\n<\/ul>\n<p>Etika, psychologie, pr\u00e1vo<\/p>\n<ul>\n<li>Postoje poskytovatel\u016f ke kardiopulmon\u00e1ln\u00ed resuscitaci &#8211; <em>Jana \u0160eblov\u00e1, Dominika \u0160eblov\u00e1<\/em><\/li>\n<li>Informovan\u00fd souhlas a jeho \u00faskal\u00ed p\u0159i poskytov\u00e1ni \u00a0p\u0159ednemocni\u010dn\u00ed urgentn\u00ed p\u00e9\u010de &#8211; <em>Jan Vondr\u00e1\u010dek, Petr Kolouch, Lubom\u00edr Vondr\u00e1\u010dek<\/em><\/li>\n<li>Historie vodn\u00ed z\u00e1chrann\u00e9 slu\u017eby\u00a0 &#8211; <em>David Dvo\u0159\u00e1\u010dek<\/em><\/li>\n<\/ul>\n<p>Diskuze, polemika, n\u00e1zory<\/p>\n<ul>\n<li>Pohled do r\u00e1je z\u00e1\u017eitkov\u00e9ho u\u010den\u00ed \u2013 <em>Robert Pleskot<\/em><\/li>\n<\/ul>\n<p>Resuscitace \u2013 zpravodaj \u010cesk\u00e9 resuscita\u010dn\u00ed rady<\/p>\n<ul>\n<li>Spole\u010dn\u00e9 \u00fasil\u00ed pro z\u00e1chranu lidsk\u00fdch \u017eivot\u016f \u2013 Kongres Evropsk\u00e9 resuscita\u010dn\u00ed rady ve V\u00eddni &#8211; <em>Anatolij Truhl\u00e1\u0159, Jana Kubalov\u00e1<\/em><\/li>\n<li>Evropsk\u00fd den pov\u011bdom\u00ed o srde\u010dn\u00ed z\u00e1stav\u011b<\/li>\n<li>Informace o kurzech ERC\/\u010cRR \u2013 <em>Radek Mathauser, Anatolij Truhl\u00e1\u0159, Marek Uhl\u00ed\u0159<\/em><\/li>\n<li>Volby do v\u00fdboru \u010cRR<\/li>\n<\/ul>\n<p>Informa\u010dn\u00ed servis<\/p>\n<ul>\n<li>V\u00fduka anglick\u00e9ho jazyka pro z\u00e1chran\u00e1\u0159e &#8211; Bad Saarow 2012 &#8211; <em>Martin Chl\u00e1dek<\/em><\/li>\n<\/ul>\n<h3>Obsah 2\/2013<\/h3>\n<p>\u00davod<\/p>\n<ul>\n<li>\u00davodn\u00ed slovo &#8211;\u00a0<em>Jana \u0160eblov\u00e1<\/em><\/li>\n<li>Obsah<\/li>\n<\/ul>\n<p>Koncepce, \u0159\u00edzen\u00ed, organizace<\/p>\n<ul>\n<li>Traumatologick\u00e9 pl\u00e1nov\u00e1n\u00ed v\u00a0\u010cesk\u00e9 republice v kontextu nov\u00e9 legislativy I. \u2013 <em>Miroslav Proch\u00e1zka, Tom\u00e1\u0161 Halaj\u010duk, Bruno Je\u017eek, Jan Van\u011bk, Ji\u0159\u00ed Ma\u0161ek<\/em><\/li>\n<\/ul>\n<p>Vzd\u011bl\u00e1v\u00e1n\u00ed \u2013 zku\u0161enosti<\/p>\n<ul>\n<li>Teoretick\u00e9 znalosti st\u0159edo\u0161kolsk\u00fdch student\u016f o poskytov\u00e1n\u00ed prvn\u00ed pomoci &#8211; <em>Jana Haluz\u00edkov\u00e1, Zde\u0148ka \u0158\u00edmovsk\u00e1<\/em><\/li>\n<\/ul>\n<p>Odborn\u00e9 t\u00e9ma l\u00e9ka\u0159sk\u00e9<\/p>\n<ul>\n<li>Vyu\u017e\u00edvame dostato\u010dne kapnograf v\u00a0prednemocni\u010dnej starostlivosti? &#8211; <em>Monika Paul\u00edkov\u00e1, \u0160tefan Trenkler<\/em><\/li>\n<li>Hromadn\u00e1 otrava metanolem v\u00a0\u010cesk\u00e9 republice v\u00a0roce 2012: srovn\u00e1n\u00ed s \u201emetanolov\u00fdmi epidemiemi\u201c v\u00a0jin\u00fdch zem\u00edch &#8211; <em>Sergey Zakharov, Daniela Pelclov\u00e1, Tom\u00e1\u0161 Navr\u00e1til, Zdenka Fenclov\u00e1, V\u00edt Petrik<\/em><\/li>\n<li>Prim\u00e1rn\u011b chybn\u00e9 diagn\u00f3zy u pacient\u016f n\u00e1sledn\u011b o\u0161et\u0159en\u00fdch zdravotnickou z\u00e1chrannou slu\u017ebou<strong> \u2013 <\/strong><em>Robin \u0160\u00edn, Jana Vidunov\u00e1<\/em><\/li>\n<li>Za\u0159\u00edzen\u00ed pro m\u011b\u0159en\u00ed hemodynamick\u00fdch parametr\u016f \u2013 <em>Jan Dvo\u0159\u00e1k, Jan Havl\u00edk, Vratislav Fabi\u00e1n<\/em><\/li>\n<\/ul>\n<p>Etika, psychologie, pr\u00e1vo<\/p>\n<ul>\n<li>R\u00f3movia \u2013 je nie\u010do, \u010do o\u00a0nich (ne)vieme? &#8211; <em>Silvia Trnovsk\u00e1, Roman Reme\u0161<\/em><\/li>\n<li>Zni\u017eovanie psychickej z\u00e1\u0165a\u017ee zdravotn\u00edckych oper\u00e1torov prostredn\u00edctvom psychologick\u00e9ho vzdel\u00e1vania &#8211; <em>Andrea Ri\u0161\u0148ovsk\u00e1<\/em><\/li>\n<li>Stru\u010dn\u00e1 historie sanitn\u00edch voz\u016f<strong> \u2013 <\/strong><em>David Dvo\u0159\u00e1\u010dek<\/em><\/li>\n<\/ul>\n<p>Resuscitace \u2013 zpravodaj \u010cesk\u00e9 resuscita\u010dn\u00ed rady<\/p>\n<ul>\n<li>Ultrasonografie b\u011bhem srde\u010dn\u00ed z\u00e1stavy \u2013 <em>Roman \u0160kulec<\/em><\/li>\n<\/ul>\n<p>Informa\u010dn\u00ed servis<\/p>\n<ul>\n<li>Rallye Rejv\u00edz 2013 pohledem \u00fa\u010dastn\u00edk\u016f \u2013 <em>Marek Dvo\u0159\u00e1k, Jan Gretz, Lada \u017dampachov\u00e1<\/em><\/li>\n<li>Cena spole\u010dnosti Mediprax CB s.r.o. 2012<\/li>\n<li>Hippokratova cena Unie pacient\u016f<\/li>\n<li>Zlat\u00e9 z\u00e1chran\u00e1\u0159sk\u00e9 k\u0159\u00ed\u017ee za rok 2012<\/li>\n<\/ul>\n<h3>Obsah 3\/2013<\/h3>\n<p>\u00davod<\/p>\n<ul>\n<li>\u00davodn\u00ed slovo &#8211;<em> Jana \u0160eblov\u00e1<\/em><\/li>\n<li>Obsah<\/li>\n<\/ul>\n<p>Koncepce, \u0159\u00edzen\u00ed, organizace<\/p>\n<ul>\n<li>Kontaktn\u00ed m\u00edsto u poskytovatel\u016f akutn\u00ed l\u016f\u017ekov\u00e9 p\u00e9\u010de \u2013 centrum \u0159\u00edzen\u00ed b\u011b\u017en\u00e9ho provozu i krizov\u00fdch stav\u016f \u2013 <em>Pavel Urb\u00e1nek, Anton\u00edn Koukal<\/em><\/li>\n<li>Syst\u00e9my t\u0159\u00edd\u011bn\u00ed pacient\u016f dle priorit na odd\u011blen\u00ed urgentn\u00edho p\u0159\u00edjmu \u2013 <em>Renata Pol\u00e1kov\u00e1<\/em><\/li>\n<\/ul>\n<p>Vzd\u011bl\u00e1v\u00e1n\u00ed \u2013 zku\u0161enosti<\/p>\n<ul>\n<li>Anal\u00fdza s\u00fa\u0165a\u017enej \u00falohy RUTINA na Rallye Rejv\u00edz 2013 \u2013 T\u00e1\u0148a Bul\u00edkov\u00e1, Monika Droppov\u00e1<\/li>\n<li>WONCA 2013 PRAGUE \u2013 mezin\u00e1rodn\u00ed kongres praktick\u00fdch a rodinn\u00fdch l\u00e9ka\u0159\u016f, Praha \u2013 Daniel Kvapil, Jana \u0160eblov\u00e1, Ji\u0159\u00ed Nov\u00fd, Veronika Kvapilov\u00e1<\/li>\n<\/ul>\n<p>Odborn\u00e9 t\u00e9ma l\u00e9ka\u0159sk\u00e9<\/p>\n<ul>\n<li>Vyu\u017eit\u00ed iPhon\u016f a iPad\u016f p\u0159i v\u00fduce a poskytov\u00e1n\u00ed prvn\u00ed pomoci \u2013 <em>Ji\u0159\u00ed M\u00e1lek, \u0160tefan Trenkler<\/em><\/li>\n<li>Modelov\u00e1n\u00ed kardiovaskul\u00e1rn\u00edho syst\u00e9mu \u2013 <em>Jana V\u00e1chov\u00e1, Miroslav Lo\u017eek, Jan Havl\u00edk<\/em><\/li>\n<li>Indika\u010dn\u00ed krit\u00e9ria pro nasazen\u00ed leteck\u00e9 z\u00e1chrann\u00e9 slu\u017eby \u2013 Doporu\u010den\u00fd postup \u010cLS JEP \u2013 Spole\u010dnosti urgentn\u00ed medic\u00edny a medic\u00edny katastrof \u2013 <em>Anatolij Truhl\u00e1\u0159, Ond\u0159ej Fran\u011bk, Roman G\u0159ego\u0159, Ji\u0159\u00ed Ma\u0161ek a Pavel M\u00fcller<\/em><\/li>\n<\/ul>\n<p>Etika, psychologie, pr\u00e1vo<\/p>\n<ul>\n<li>Oper\u00e1to\u0159i na t\u00eds\u0148ov\u00e9 lince 155 \u2013 rozbor veden\u00ed hovor\u016f s volaj\u00edc\u00edmi \u2013 <em>Blanka \u010cepick\u00e1<\/em><\/li>\n<\/ul>\n<p>Diskuze, polemika, n\u00e1zory<\/p>\n<ul>\n<li>Reakce na \u010dl\u00e1nek \u201eTeoretick\u00e9 znalosti st\u0159edo\u0161kolsk\u00fdch student\u016f o poskytov\u00e1n\u00ed prvn\u00ed pomoci\u201c \u2013 \u00a0<em>Ond\u0159ej Fran\u011bk<\/em><\/li>\n<\/ul>\n<p>Resuscitace \u2013 zpravodaj \u010cesk\u00e9 resuscita\u010dn\u00ed rady<\/p>\n<ul>\n<li>Aktuality \u010cesk\u00e9 resuscita\u010dn\u00ed rady \u2013 <em>Anatolij Truhl\u00e1\u0159, Jarmila Dr\u00e1bkov\u00e1<\/em><\/li>\n<li>III. symposium \u010cesk\u00e9 resuscita\u010dn\u00ed rady \u2013 <em>Jana \u0160eblov\u00e1<\/em><\/li>\n<\/ul>\n<p>Informa\u010dn\u00ed servis<\/p>\n<ul>\n<li>Ozn\u00e1men\u00ed o kon\u00e1n\u00ed 10. ro\u010dn\u00edku Medic\u00edna katastrof \u2013 zku\u0161enosti, p\u0159\u00edprava, praxe<\/li>\n<li>Semin\u00e1\u0159 Magen David Adom<\/li>\n<\/ul>\n<h3>Obsah 4\/2013<\/h3>\n<p>\u00davod<\/p>\n<ul>\n<li>\u00davodn\u00ed slovo \u2013 <em>Jana \u0160eblov\u00e1<\/em><\/li>\n<li>Obsah<\/li>\n<\/ul>\n<p>Koncepce, \u0159\u00edzen\u00ed, organizace<\/p>\n<ul>\n<li>Indik\u00e1tory kvality v\u00a0prednemocni\u010dnej starostlivosti a\u00a0ich aplik\u00e1cia vo falck z\u00e1chrann\u00e1 &#8211; <em>\u0160tefan Trenkler, Jozef Kara\u0161<\/em><\/li>\n<\/ul>\n<p>Vzd\u011bl\u00e1v\u00e1n\u00ed, zku\u0161enosti<\/p>\n<ul>\n<li>P\u0159ednemocni\u010dn\u00ed neodkladn\u00e1 p\u00e9\u010de v\u00a0Taiwanu &#8211; <em>Patrik Christian Cmorej, Chang &#8211; Feng Huang<\/em><\/li>\n<li>Problematika edukace a \u00farove\u0148 znalost\u00ed sester o z\u00e1kladn\u00ed a roz\u0161\u00ed\u0159en\u00e9 resuscitaci dle platn\u00fdch guidelines &#8211; <em>Ivana Krsov\u00e1, Zuzana Jand\u00edkov\u00e1<\/em><\/li>\n<\/ul>\n<p>Odborn\u00e9 t\u00e9ma l\u00e9ka\u0159sk\u00e9<\/p>\n<ul>\n<li>Anal\u00fdza mimonemocni\u010dn\u00edch netraumatick\u00fdch n\u00e1hl\u00fdch z\u00e1stav ob\u011bhu na \u00fazem\u00ed Moravskoslezsk\u00e9ho kraje &#8211; <em>Marcela Mikeskov\u00e1, Pavel Folwarczny, Roman G\u0159ego\u0159, Ren\u00e1ta Zoubkov\u00e1, Ivana Nytra<\/em><\/li>\n<li>V\u00fdzkum pou\u017eit\u00ed triage na urgentn\u00edm p\u0159\u00edjmu Oblastn\u00ed nemocnice Kladno \u2013 <em>Renata Pol\u00e1kov\u00e1<\/em><\/li>\n<li>Vyhodnocov\u00e1n\u00ed dechov\u00e9ho \u00fasil\u00ed spont\u00e1nn\u011b d\u00fdchaj\u00edc\u00edho pacienta &#8211; <em>\u0160t\u011bp\u00e1n Vl\u010dek, Jakub R\u00e1fl, Richard Gr\u00fcnes<\/em><\/li>\n<li>Zaji\u0161t\u011bn\u00ed p\u0159ednemocni\u010dn\u00ed neodkladn\u00e9 p\u00e9\u010de o trauma pacienty v\u00a0ohro\u017euj\u00edc\u00edm prost\u0159ed\u00ed &#8211; <em>Jaroslav Ducho\u0148, Jaroslav Gutvirth<\/em><\/li>\n<\/ul>\n<p>Diskuze, polemika, n\u00e1zory<\/p>\n<ul>\n<li>Pokud bude v\u00fdsledkem snahy aspo\u0148 jeden zachr\u00e1n\u011bn\u00fd \u017eivot, m\u011bla tato pr\u00e1ce smysl &#8211; <em>Ond\u0159ej Fran\u011bk<\/em><\/li>\n<\/ul>\n<p>Resuscitace \u2013 Zpravodaj \u010cesk\u00e9 resuscita\u010dn\u00ed rady<\/p>\n<ul>\n<li>Aktuality z\u00a0\u010cesk\u00e9 resuscita\u010dn\u00ed rady \u2013 <em>Anatolij Truhl\u00e1\u0159<\/em><\/li>\n<li>Kurz ALS Provider a jeho p\u0159\u00ednos pro dv\u011b klinick\u00e9 profese &#8211;\u00a0 <em>Ivana Kaliankov\u00e1,\u00a0 Petra Kocourkov\u00e1<\/em><\/li>\n<\/ul>\n","protected":false},"excerpt":{"rendered":"<p>Obsah 1\/2013 \u00davod \u00davodn\u00ed slovo &#8211;\u00a0Jana \u0160eblov\u00e1 Obsah Koncepce, \u0159\u00edzen\u00ed, organizace Kompetencie mana\u017e\u00e9ra vzdel\u00e1vac\u00edch projektov s d\u00f4razom na projekty intern\u00e9ho vzdel\u00e1vania z\u00e1chrann\u00fdch zdravotn\u00fdch slu\u017eieb \u2013 Kate\u0159ina Hrazdilov\u00e1 Bo\u010dkov\u00e1, Robin \u0160\u00edn Vzd\u011bl\u00e1v\u00e1n\u00ed \u2013 zku\u0161enosti V\u00fduka na klinike urgentnej medic\u00edny a medic\u00edny<\/p>\n","protected":false},"author":1,"featured_media":0,"parent":47,"menu_order":2,"comment_status":"closed","ping_status":"closed","template":"","meta":{"footnotes":""},"class_list":["post-522","page","type-page","status-publish","hentry"],"_links":{"self":[{"href":"https:\/\/urgentnimedicina.cz\/index.php?rest_route=\/wp\/v2\/pages\/522","targetHints":{"allow":["GET"]}}],"collection":[{"href":"https:\/\/urgentnimedicina.cz\/index.php?rest_route=\/wp\/v2\/pages"}],"about":[{"href":"https:\/\/urgentnimedicina.cz\/index.php?rest_route=\/wp\/v2\/types\/page"}],"author":[{"embeddable":true,"href":"https:\/\/urgentnimedicina.cz\/index.php?rest_route=\/wp\/v2\/users\/1"}],"replies":[{"embeddable":true,"href":"https:\/\/urgentnimedicina.cz\/index.php?rest_route=%2Fwp%2Fv2%2Fcomments&post=522"}],"version-history":[{"count":0,"href":"https:\/\/urgentnimedicina.cz\/index.php?rest_route=\/wp\/v2\/pages\/522\/revisions"}],"up":[{"embeddable":true,"href":"https:\/\/urgentnimedicina.cz\/index.php?rest_route=\/wp\/v2\/pages\/47"}],"wp:attachment":[{"href":"https:\/\/urgentnimedicina.cz\/index.php?rest_route=%2Fwp%2Fv2%2Fmedia&parent=522"}],"curies":[{"name":"wp","href":"https:\/\/api.w.org\/{rel}","templated":true}]}}